{"id":130,"date":"2023-10-17T18:15:49","date_gmt":"2023-10-17T18:15:49","guid":{"rendered":"http:\/\/sportandmoreluzern.ch\/website_demnachst\/?page_id=130"},"modified":"2025-12-08T09:23:44","modified_gmt":"2025-12-08T09:23:44","slug":"130-2","status":"publish","type":"page","link":"http:\/\/sportandmoreluzern.ch\/website_demnachst\/130-2","title":{"rendered":"Working with"},"content":{"rendered":"\n<h2 class=\"wp-block-heading alignwide has-foreground-color has-text-color\">Working with<\/h2>\n\n\n\n<div class=\"wp-block-media-text alignwide is-stacked-on-mobile\" style=\"grid-template-columns:15% auto\"><figure class=\"wp-block-media-text__media\"><a href=\"https:\/\/anliker-bewegt.ch\"><img loading=\"lazy\" decoding=\"async\" width=\"574\" height=\"178\" src=\"http:\/\/sportandmoreluzern.ch\/wp-content\/uploads\/2023\/10\/Anliker-Bewegt-AG.png\" alt=\"\" class=\"wp-image-147 size-full\" srcset=\"http:\/\/sportandmoreluzern.ch\/wp-content\/uploads\/2023\/10\/Anliker-Bewegt-AG.png 574w, http:\/\/sportandmoreluzern.ch\/wp-content\/uploads\/2023\/10\/Anliker-Bewegt-AG-300x93.png 300w\" sizes=\"auto, (max-width: 574px) 100vw, 574px\" \/><\/a><\/figure><div class=\"wp-block-media-text__content\">\n<p>Anliker Bewegt AG<\/p>\n<\/div><\/div>\n\n\n\n<div class=\"wp-block-media-text alignwide is-stacked-on-mobile\" style=\"grid-template-columns:15% auto\"><figure class=\"wp-block-media-text__media\"><a href=\"https:\/\/www.beachgstaad.ch\/de\"><img loading=\"lazy\" decoding=\"async\" width=\"862\" height=\"410\" src=\"http:\/\/sportandmoreluzern.ch\/wp-content\/uploads\/2023\/10\/Beach-Gstaad.png\" alt=\"\" class=\"wp-image-170 size-full\" srcset=\"http:\/\/sportandmoreluzern.ch\/wp-content\/uploads\/2023\/10\/Beach-Gstaad.png 862w, http:\/\/sportandmoreluzern.ch\/wp-content\/uploads\/2023\/10\/Beach-Gstaad-300x143.png 300w, http:\/\/sportandmoreluzern.ch\/wp-content\/uploads\/2023\/10\/Beach-Gstaad-768x365.png 768w\" sizes=\"auto, (max-width: 862px) 100vw, 862px\" \/><\/a><\/figure><div class=\"wp-block-media-text__content\">\n<p>Dr. med. Judith Bering<br>CMO Beachvolleyball World Tour Event<\/p>\n<\/div><\/div>\n\n\n\n<div class=\"wp-block-media-text alignwide is-stacked-on-mobile\" style=\"grid-template-columns:15% auto\"><figure class=\"wp-block-media-text__media\"><a href=\"https:\/\/www.swisscentralbasketball.ch\"><img loading=\"lazy\" decoding=\"async\" width=\"182\" height=\"112\" src=\"http:\/\/sportandmoreluzern.ch\/wp-content\/uploads\/2023\/10\/Swiss-Central-Basket.png\" alt=\"\" class=\"wp-image-153 size-full\"\/><\/a><\/figure><div class=\"wp-block-media-text__content\">\n<p>Prof. PH Dr. med. Urs W. M\u00fcller<br>Clubarzt<\/p>\n<\/div><\/div>\n\n\n\n<div class=\"wp-block-media-text alignwide is-stacked-on-mobile\" style=\"grid-template-columns:15% auto\"><figure class=\"wp-block-media-text__media\"><a href=\"https:\/\/eventmedics.ch\"><img loading=\"lazy\" decoding=\"async\" width=\"426\" height=\"162\" src=\"http:\/\/sportandmoreluzern.ch\/wp-content\/uploads\/2023\/10\/Event-Medics.png\" alt=\"\" class=\"wp-image-157 size-full\" srcset=\"http:\/\/sportandmoreluzern.ch\/wp-content\/uploads\/2023\/10\/Event-Medics.png 426w, http:\/\/sportandmoreluzern.ch\/wp-content\/uploads\/2023\/10\/Event-Medics-300x114.png 300w\" sizes=\"auto, (max-width: 426px) 100vw, 426px\" \/><\/a><\/figure><div class=\"wp-block-media-text__content\">\n<p>Prof. PH Dr. med. Urs W. M\u00fcller<\/p>\n<\/div><\/div>\n\n\n\n<div class=\"wp-block-media-text alignwide is-stacked-on-mobile\" style=\"grid-template-columns:15% auto\"><figure class=\"wp-block-media-text__media\"><a href=\"https:\/\/www.handball.ch\/de\/\"><img loading=\"lazy\" decoding=\"async\" width=\"992\" height=\"614\" src=\"http:\/\/sportandmoreluzern.ch\/wp-content\/uploads\/2023\/10\/SHV.png\" alt=\"\" class=\"wp-image-141 size-full\" srcset=\"http:\/\/sportandmoreluzern.ch\/wp-content\/uploads\/2023\/10\/SHV.png 992w, http:\/\/sportandmoreluzern.ch\/wp-content\/uploads\/2023\/10\/SHV-300x186.png 300w, http:\/\/sportandmoreluzern.ch\/wp-content\/uploads\/2023\/10\/SHV-768x475.png 768w\" sizes=\"auto, (max-width: 992px) 100vw, 992px\" \/><\/a><\/figure><div class=\"wp-block-media-text__content\">\n<p>Prof. PH Dr. med. Urs W. M\u00fcller<br>CMO und Verbandsarzt <\/p>\n\n\n\n<p>Dr. med. Judith Bering<br>Verbands\u00e4rztin<\/p>\n<\/div><\/div>\n\n\n\n<div class=\"wp-block-media-text alignwide is-stacked-on-mobile\" style=\"grid-template-columns:15% auto\"><figure class=\"wp-block-media-text__media\"><a href=\"https:\/\/www.hcluzern.ch\"><img loading=\"lazy\" decoding=\"async\" width=\"192\" height=\"200\" src=\"http:\/\/sportandmoreluzern.ch\/wp-content\/uploads\/2023\/10\/HC-Luzern.png\" alt=\"\" class=\"wp-image-152 size-full\"\/><\/a><\/figure><div class=\"wp-block-media-text__content\">\n<p>Prof. PH Dr. med. Urs W. M\u00fcller<br>Clubarzt<\/p>\n<\/div><\/div>\n\n\n\n<div class=\"wp-block-media-text alignwide is-stacked-on-mobile\" style=\"grid-template-columns:15% auto\"><figure class=\"wp-block-media-text__media\"><a href=\"https:\/\/lcluzern.ch\"><img loading=\"lazy\" decoding=\"async\" width=\"440\" height=\"420\" src=\"http:\/\/sportandmoreluzern.ch\/wp-content\/uploads\/2023\/10\/LC-Luzern.png\" alt=\"\" class=\"wp-image-149 size-full\" srcset=\"http:\/\/sportandmoreluzern.ch\/wp-content\/uploads\/2023\/10\/LC-Luzern.png 440w, http:\/\/sportandmoreluzern.ch\/wp-content\/uploads\/2023\/10\/LC-Luzern-300x286.png 300w\" sizes=\"auto, (max-width: 440px) 100vw, 440px\" \/><\/a><\/figure><div class=\"wp-block-media-text__content\">\n<p>Prof. PH Dr. med. Urs W. M\u00fcller<br>Clubarzt<\/p>\n<\/div><\/div>\n\n\n\n<div class=\"wp-block-media-text alignwide is-stacked-on-mobile\" style=\"grid-template-columns:15% auto\"><figure class=\"wp-block-media-text__media\"><a href=\"https:\/\/www.luks.ch\"><img loading=\"lazy\" decoding=\"async\" width=\"536\" height=\"154\" src=\"http:\/\/sportandmoreluzern.ch\/wp-content\/uploads\/2024\/08\/Bildschirmfoto-2024-08-11-um-10.49.51.png\" alt=\"\" class=\"wp-image-260 size-full\" srcset=\"http:\/\/sportandmoreluzern.ch\/wp-content\/uploads\/2024\/08\/Bildschirmfoto-2024-08-11-um-10.49.51.png 536w, http:\/\/sportandmoreluzern.ch\/wp-content\/uploads\/2024\/08\/Bildschirmfoto-2024-08-11-um-10.49.51-300x86.png 300w\" sizes=\"auto, (max-width: 536px) 100vw, 536px\" \/><\/a><\/figure><div class=\"wp-block-media-text__content\">\n<p>Prof. PH Dr. med. Urs W. M\u00fcller<br>Co-Chefarzt Klinik f\u00fcr Orthop\u00e4die und Unfallchirurgie Luzern<\/p>\n\n\n\n<p>Dr. med. Judith Bering<br>Leitende \u00c4rztin Klinik f\u00fcr Orthop\u00e4die und Unfallchirurgie Luzern<\/p>\n<\/div><\/div>\n\n\n\n<div class=\"wp-block-media-text alignwide is-stacked-on-mobile\" style=\"grid-template-columns:15% auto\"><figure class=\"wp-block-media-text__media\"><img loading=\"lazy\" decoding=\"async\" width=\"1024\" height=\"241\" src=\"http:\/\/sportandmoreluzern.ch\/wp-content\/uploads\/2025\/01\/Bild-1024x241.jpeg\" alt=\"\" class=\"wp-image-268 size-full\" srcset=\"http:\/\/sportandmoreluzern.ch\/wp-content\/uploads\/2025\/01\/Bild-1024x241.jpeg 1024w, http:\/\/sportandmoreluzern.ch\/wp-content\/uploads\/2025\/01\/Bild-300x71.jpeg 300w, http:\/\/sportandmoreluzern.ch\/wp-content\/uploads\/2025\/01\/Bild-768x181.jpeg 768w, http:\/\/sportandmoreluzern.ch\/wp-content\/uploads\/2025\/01\/Bild-1536x362.jpeg 1536w, http:\/\/sportandmoreluzern.ch\/wp-content\/uploads\/2025\/01\/Bild-2048x482.jpeg 2048w\" sizes=\"auto, (max-width: 1024px) 100vw, 1024px\" \/><\/figure><div class=\"wp-block-media-text__content\">\n<p>Dr. med. Judith Bering<br>Event-\u00c4rztin<\/p>\n<\/div><\/div>\n\n\n\n<div class=\"wp-block-media-text alignwide is-stacked-on-mobile\" style=\"grid-template-columns:15% auto\"><figure class=\"wp-block-media-text__media\"><a href=\"https:\/\/spitzenleichtathletik.ch\/Homepage.html\"><img loading=\"lazy\" decoding=\"async\" width=\"594\" height=\"330\" src=\"http:\/\/sportandmoreluzern.ch\/wp-content\/uploads\/2023\/10\/Spitzenleichtathletik-LU.png\" alt=\"\" class=\"wp-image-155 size-full\" srcset=\"http:\/\/sportandmoreluzern.ch\/wp-content\/uploads\/2023\/10\/Spitzenleichtathletik-LU.png 594w, http:\/\/sportandmoreluzern.ch\/wp-content\/uploads\/2023\/10\/Spitzenleichtathletik-LU-300x167.png 300w\" sizes=\"auto, (max-width: 594px) 100vw, 594px\" \/><\/a><\/figure><div class=\"wp-block-media-text__content\">\n<p>Event-\u00c4rzte<\/p>\n<\/div><\/div>\n\n\n\n<div class=\"wp-block-media-text alignwide is-stacked-on-mobile\" style=\"grid-template-columns:15% auto\"><figure class=\"wp-block-media-text__media\"><a href=\"https:\/\/www.sportschulesursee.ch\"><img loading=\"lazy\" decoding=\"async\" width=\"239\" height=\"239\" src=\"http:\/\/sportandmoreluzern.ch\/wp-content\/uploads\/2025\/10\/Sportschule-SU-Logo.png\" alt=\"\" class=\"wp-image-387 size-full\" srcset=\"http:\/\/sportandmoreluzern.ch\/wp-content\/uploads\/2025\/10\/Sportschule-SU-Logo.png 239w, http:\/\/sportandmoreluzern.ch\/wp-content\/uploads\/2025\/10\/Sportschule-SU-Logo-150x150.png 150w\" sizes=\"auto, (max-width: 239px) 100vw, 239px\" \/><\/a><\/figure><div class=\"wp-block-media-text__content\">\n<p>Medical Partner Sportschule Sursee<br>Dr. med. Judith Bering<br>Prof. PH Dr. med. Urs W. M\u00fcller<\/p>\n<\/div><\/div>\n\n\n\n<div class=\"wp-block-media-text alignwide is-stacked-on-mobile\" style=\"grid-template-columns:15% auto\"><figure class=\"wp-block-media-text__media\"><a href=\"https:\/\/www.swiss-cycling.ch\/de\/\"><img loading=\"lazy\" decoding=\"async\" width=\"336\" height=\"160\" src=\"http:\/\/sportandmoreluzern.ch\/wp-content\/uploads\/2023\/10\/Swiss-Cycling.png\" alt=\"\" class=\"wp-image-163 size-full\" srcset=\"http:\/\/sportandmoreluzern.ch\/wp-content\/uploads\/2023\/10\/Swiss-Cycling.png 336w, http:\/\/sportandmoreluzern.ch\/wp-content\/uploads\/2023\/10\/Swiss-Cycling-300x143.png 300w\" sizes=\"auto, (max-width: 336px) 100vw, 336px\" \/><\/a><\/figure><div class=\"wp-block-media-text__content\">\n<p>Dr. med. Judith Bering<br>Verbands\u00e4rztin<\/p>\n<\/div><\/div>\n\n\n\n<div class=\"wp-block-media-text alignwide is-stacked-on-mobile\" style=\"grid-template-columns:15% auto\"><figure class=\"wp-block-media-text__media\"><a href=\"https:\/\/www.sihf.ch\/de\/\"><img loading=\"lazy\" decoding=\"async\" width=\"286\" height=\"414\" src=\"http:\/\/sportandmoreluzern.ch\/wp-content\/uploads\/2023\/10\/SIHF.png\" alt=\"\" class=\"wp-image-171 size-full\" srcset=\"http:\/\/sportandmoreluzern.ch\/wp-content\/uploads\/2023\/10\/SIHF.png 286w, http:\/\/sportandmoreluzern.ch\/wp-content\/uploads\/2023\/10\/SIHF-207x300.png 207w\" sizes=\"auto, (max-width: 286px) 100vw, 286px\" \/><\/a><\/figure><div class=\"wp-block-media-text__content\">\n<p>Dr. med. Judith Bering<br>Verbands\u00e4rztin U18 Nationalteam M\u00e4nner 2015-2019<\/p>\n<\/div><\/div>\n\n\n\n<div class=\"wp-block-media-text alignwide is-stacked-on-mobile\" style=\"grid-template-columns:15% auto\"><figure class=\"wp-block-media-text__media\"><a href=\"https:\/\/www.swissolympic.ch\"><img loading=\"lazy\" decoding=\"async\" width=\"344\" height=\"176\" src=\"http:\/\/sportandmoreluzern.ch\/wp-content\/uploads\/2023\/10\/Swiss-Olympic.png\" alt=\"\" class=\"wp-image-161 size-full\" srcset=\"http:\/\/sportandmoreluzern.ch\/wp-content\/uploads\/2023\/10\/Swiss-Olympic.png 344w, http:\/\/sportandmoreluzern.ch\/wp-content\/uploads\/2023\/10\/Swiss-Olympic-300x153.png 300w\" sizes=\"auto, (max-width: 344px) 100vw, 344px\" \/><\/a><\/figure><div class=\"wp-block-media-text__content\">\n<p>Dr. med. Judith Bering<br>CMO olympische Jugendmissionen (EYOF, YOG) Sommer<br>Delegations\u00e4rztin YOG Winter, EYOF Winter\/Sommer, European Games<\/p>\n<\/div><\/div>\n\n\n\n<div class=\"wp-block-media-text alignwide is-stacked-on-mobile\" style=\"grid-template-columns:15% auto\"><figure class=\"wp-block-media-text__media\"><a href=\"https:\/\/www.tissotvelodrome.ch\"><img loading=\"lazy\" decoding=\"async\" width=\"312\" height=\"148\" src=\"http:\/\/sportandmoreluzern.ch\/wp-content\/uploads\/2023\/10\/Tissot-Velodrome.png\" alt=\"\" class=\"wp-image-164 size-full\" srcset=\"http:\/\/sportandmoreluzern.ch\/wp-content\/uploads\/2023\/10\/Tissot-Velodrome.png 312w, http:\/\/sportandmoreluzern.ch\/wp-content\/uploads\/2023\/10\/Tissot-Velodrome-300x142.png 300w\" sizes=\"auto, (max-width: 312px) 100vw, 312px\" \/><\/a><\/figure><div class=\"wp-block-media-text__content\">\n<p>Dr. med. Judith Bering<br>CMO div. internationale Rennen<\/p>\n<\/div><\/div>\n\n\n\n<div class=\"wp-block-media-text alignwide is-stacked-on-mobile\" style=\"grid-template-columns:15% auto\"><figure class=\"wp-block-media-text__media\"><a href=\"https:\/\/www.tourdesuisse.ch\"><img loading=\"lazy\" decoding=\"async\" width=\"322\" height=\"224\" src=\"http:\/\/sportandmoreluzern.ch\/wp-content\/uploads\/2023\/10\/Tour-de-Suiss.png\" alt=\"\" class=\"wp-image-168 size-full\" srcset=\"http:\/\/sportandmoreluzern.ch\/wp-content\/uploads\/2023\/10\/Tour-de-Suiss.png 322w, http:\/\/sportandmoreluzern.ch\/wp-content\/uploads\/2023\/10\/Tour-de-Suiss-300x209.png 300w\" sizes=\"auto, (max-width: 322px) 100vw, 322px\" \/><\/a><\/figure><div class=\"wp-block-media-text__content\">\n<p>Dr. med. Judith Bering<br>Race Doctor 1. Edition Tour de Suisse Women<\/p>\n<\/div><\/div>\n\n\n\n<div class=\"wp-block-media-text alignwide is-stacked-on-mobile\" style=\"grid-template-columns:15% auto\"><figure class=\"wp-block-media-text__media\"><img loading=\"lazy\" decoding=\"async\" width=\"390\" height=\"178\" src=\"http:\/\/sportandmoreluzern.ch\/wp-content\/uploads\/2023\/10\/CMC-Aigle.png\" alt=\"\" class=\"wp-image-166 size-full\" srcset=\"http:\/\/sportandmoreluzern.ch\/wp-content\/uploads\/2023\/10\/CMC-Aigle.png 390w, http:\/\/sportandmoreluzern.ch\/wp-content\/uploads\/2023\/10\/CMC-Aigle-300x137.png 300w\" sizes=\"auto, (max-width: 390px) 100vw, 390px\" \/><\/figure><div class=\"wp-block-media-text__content\">\n<p>Dr. med. Judith Bering<br>CMO div. internationale Rennen<\/p>\n<\/div><\/div>\n\n\n\n<div class=\"wp-block-media-text alignwide is-stacked-on-mobile\" style=\"grid-template-columns:15% auto\"><figure class=\"wp-block-media-text__media\"><img loading=\"lazy\" decoding=\"async\" width=\"900\" height=\"442\" src=\"http:\/\/sportandmoreluzern.ch\/wp-content\/uploads\/2025\/12\/logo-unihockey-luzern-partnervereine-schwarz-PROD.png\" alt=\"\" class=\"wp-image-391 size-full\" srcset=\"http:\/\/sportandmoreluzern.ch\/wp-content\/uploads\/2025\/12\/logo-unihockey-luzern-partnervereine-schwarz-PROD.png 900w, http:\/\/sportandmoreluzern.ch\/wp-content\/uploads\/2025\/12\/logo-unihockey-luzern-partnervereine-schwarz-PROD-300x147.png 300w, http:\/\/sportandmoreluzern.ch\/wp-content\/uploads\/2025\/12\/logo-unihockey-luzern-partnervereine-schwarz-PROD-768x377.png 768w\" sizes=\"auto, (max-width: 900px) 100vw, 900px\" \/><\/figure><div class=\"wp-block-media-text__content\">\n<p>Medical Partner Unihockey Luzern<br>Dr. med. Judith Bering<br>Prof. PH Dr. med. Urs W. M\u00fcller<\/p>\n<\/div><\/div>\n\n\n\n<p><\/p>\n\n\n\n<p><\/p>\n","protected":false},"excerpt":{"rendered":"<p>Working with Anliker Bewegt AG Dr. med. Judith BeringCMO Beachvolleyball World Tour Event Prof. PH Dr. med. Urs W. M\u00fcllerClubarzt Prof. PH Dr. med. Urs W. M\u00fcller Prof. PH Dr. med. Urs W. M\u00fcllerCMO und Verbandsarzt Dr. med. Judith BeringVerbands\u00e4rztin Prof. PH Dr. med. Urs W. M\u00fcllerClubarzt Prof. PH Dr. med. Urs W. M\u00fcllerClubarzt Prof. [&hellip;]<\/p>\n","protected":false},"author":1,"featured_media":0,"parent":0,"menu_order":0,"comment_status":"closed","ping_status":"closed","template":"page-large-header","meta":{"footnotes":""},"class_list":["post-130","page","type-page","status-publish","hentry"],"_links":{"self":[{"href":"http:\/\/sportandmoreluzern.ch\/website_demnachst\/wp-json\/wp\/v2\/pages\/130","targetHints":{"allow":["GET"]}}],"collection":[{"href":"http:\/\/sportandmoreluzern.ch\/website_demnachst\/wp-json\/wp\/v2\/pages"}],"about":[{"href":"http:\/\/sportandmoreluzern.ch\/website_demnachst\/wp-json\/wp\/v2\/types\/page"}],"author":[{"embeddable":true,"href":"http:\/\/sportandmoreluzern.ch\/website_demnachst\/wp-json\/wp\/v2\/users\/1"}],"replies":[{"embeddable":true,"href":"http:\/\/sportandmoreluzern.ch\/website_demnachst\/wp-json\/wp\/v2\/comments?post=130"}],"version-history":[{"count":39,"href":"http:\/\/sportandmoreluzern.ch\/website_demnachst\/wp-json\/wp\/v2\/pages\/130\/revisions"}],"predecessor-version":[{"id":393,"href":"http:\/\/sportandmoreluzern.ch\/website_demnachst\/wp-json\/wp\/v2\/pages\/130\/revisions\/393"}],"wp:attachment":[{"href":"http:\/\/sportandmoreluzern.ch\/website_demnachst\/wp-json\/wp\/v2\/media?parent=130"}],"curies":[{"name":"wp","href":"https:\/\/api.w.org\/{rel}","templated":true}]}}