{"id":30,"date":"2023-10-02T19:47:36","date_gmt":"2023-10-02T19:47:36","guid":{"rendered":"http:\/\/sportandmoreluzern.ch\/website_demnachst\/?page_id=30"},"modified":"2025-06-08T06:54:29","modified_gmt":"2025-06-08T06:54:29","slug":"uber-uns","status":"publish","type":"page","link":"http:\/\/sportandmoreluzern.ch\/website_demnachst\/uber-uns","title":{"rendered":"\u00dcber uns"},"content":{"rendered":"\n<h2 class=\"wp-block-heading alignwide has-foreground-color has-text-color\">Dr. med. Judith Bering<\/h2>\n\n\n\n<figure class=\"wp-block-image alignright size-full is-resized\"><a href=\"https:\/\/www.linkedin.com\/in\/dr-med-judith-bering-a7559678\/\"><img loading=\"lazy\" decoding=\"async\" width=\"67\" height=\"67\" src=\"http:\/\/sportandmoreluzern.ch\/wp-content\/uploads\/2023\/11\/image.png\" alt=\"\" class=\"wp-image-218\" style=\"width:70px\"\/><\/a><\/figure>\n\n\n\n<div class=\"wp-block-media-text alignwide is-stacked-on-mobile is-vertically-aligned-center\" style=\"grid-template-columns:30% auto\"><figure class=\"wp-block-media-text__media\"><img loading=\"lazy\" decoding=\"async\" width=\"1024\" height=\"892\" src=\"http:\/\/sportandmoreluzern.ch\/wp-content\/uploads\/2023\/10\/Judith-Bering-Team-Official_Reto_Loser_02-1024x892.jpg\" alt=\"\" class=\"wp-image-40 size-full\" srcset=\"http:\/\/sportandmoreluzern.ch\/wp-content\/uploads\/2023\/10\/Judith-Bering-Team-Official_Reto_Loser_02-1024x892.jpg 1024w, http:\/\/sportandmoreluzern.ch\/wp-content\/uploads\/2023\/10\/Judith-Bering-Team-Official_Reto_Loser_02-300x261.jpg 300w, http:\/\/sportandmoreluzern.ch\/wp-content\/uploads\/2023\/10\/Judith-Bering-Team-Official_Reto_Loser_02-768x669.jpg 768w, http:\/\/sportandmoreluzern.ch\/wp-content\/uploads\/2023\/10\/Judith-Bering-Team-Official_Reto_Loser_02-1536x1338.jpg 1536w, http:\/\/sportandmoreluzern.ch\/wp-content\/uploads\/2023\/10\/Judith-Bering-Team-Official_Reto_Loser_02-2048x1784.jpg 2048w\" sizes=\"auto, (max-width: 1024px) 100vw, 1024px\" \/><\/figure><div class=\"wp-block-media-text__content\">\n<ul style=\"font-size:1.5rem\" class=\"wp-block-list\">\n<li class=\"has-large-font-size\">Fach\u00e4rztin f\u00fcr Orthop\u00e4dische Chirurgie <br>und Traumatologie des Bewegungsapparates<\/li>\n\n\n\n<li class=\"has-large-font-size\">Interdiszipl. Schwerpunkt SEMS Sportmedizin<\/li>\n\n\n\n<li class=\"has-large-font-size\">Diplom CAS Sportern\u00e4hrung<\/li>\n\n\n\n<li class=\"has-large-font-size\">AGA Advanced Certified Surgeon<\/li>\n\n\n\n<li class=\"has-large-font-size\">Zertifizierte Kniechirurgin DKG<\/li>\n\n\n\n<li class=\"has-large-font-size\">Schwerpunkt spez. Traumatologie SGC\/SGO<\/li>\n<\/ul>\n<\/div><\/div>\n\n\n\n<p><\/p>\n\n\n\n<div style=\"height:45px\" aria-hidden=\"true\" class=\"wp-block-spacer\"><\/div>\n\n\n\n<h2 class=\"wp-block-heading alignwide has-foreground-color has-text-color\">Prof. PH Dr. med. Urs W. M\u00fcller<\/h2>\n\n\n\n<figure class=\"wp-block-image alignright size-full is-resized\"><a href=\"https:\/\/www.linkedin.com\/in\/urs-w-m\u00fcller-07a456ab\/\"><img loading=\"lazy\" decoding=\"async\" width=\"67\" height=\"67\" src=\"http:\/\/sportandmoreluzern.ch\/wp-content\/uploads\/2023\/11\/image.png\" alt=\"\" class=\"wp-image-218\" style=\"width:70px;height:auto\"\/><\/a><\/figure>\n\n\n\n<div class=\"wp-block-media-text alignwide is-stacked-on-mobile\" style=\"grid-template-columns:30% auto\"><figure class=\"wp-block-media-text__media\"><img loading=\"lazy\" decoding=\"async\" width=\"320\" height=\"320\" src=\"http:\/\/sportandmoreluzern.ch\/wp-content\/uploads\/2023\/10\/urs_quadrat.jpg\" alt=\"\" class=\"wp-image-58 size-full\" srcset=\"http:\/\/sportandmoreluzern.ch\/wp-content\/uploads\/2023\/10\/urs_quadrat.jpg 320w, http:\/\/sportandmoreluzern.ch\/wp-content\/uploads\/2023\/10\/urs_quadrat-300x300.jpg 300w, http:\/\/sportandmoreluzern.ch\/wp-content\/uploads\/2023\/10\/urs_quadrat-150x150.jpg 150w\" sizes=\"auto, (max-width: 320px) 100vw, 320px\" \/><\/figure><div class=\"wp-block-media-text__content\">\n<ul style=\"font-size:1.5rem\" class=\"wp-block-list\">\n<li class=\"has-large-font-size\">Facharzt&nbsp;f\u00fcr Orthop\u00e4dische Chirurgie <br>und Traumatologie des Bewegungsapparates<\/li>\n\n\n\n<li class=\"has-large-font-size\">Interdiszipl. Schwerpunkt SEMS Sportmedizin<\/li>\n\n\n\n<li class=\"has-large-font-size\">Dozent P\u00e4dagogische Hochschule Luzern<br>Bewegung und Sport<\/li>\n<\/ul>\n<\/div><\/div>\n\n\n\n<div style=\"height:45px\" aria-hidden=\"true\" class=\"wp-block-spacer\"><\/div>\n\n\n\n<h2 class=\"wp-block-heading alignwide has-foreground-color has-text-color\">Gemeinsame Mitgliedschaften<\/h2>\n\n\n\n<div class=\"wp-block-media-text alignwide is-stacked-on-mobile\" style=\"grid-template-columns:30% auto\"><figure class=\"wp-block-media-text__media\"><img loading=\"lazy\" decoding=\"async\" width=\"950\" height=\"917\" src=\"http:\/\/sportandmoreluzern.ch\/wp-content\/uploads\/2023\/10\/Logo-Kombi.jpg\" alt=\"\" class=\"wp-image-134 size-full\" srcset=\"http:\/\/sportandmoreluzern.ch\/wp-content\/uploads\/2023\/10\/Logo-Kombi.jpg 950w, http:\/\/sportandmoreluzern.ch\/wp-content\/uploads\/2023\/10\/Logo-Kombi-300x290.jpg 300w, http:\/\/sportandmoreluzern.ch\/wp-content\/uploads\/2023\/10\/Logo-Kombi-768x741.jpg 768w\" sizes=\"auto, (max-width: 950px) 100vw, 950px\" \/><\/figure><div class=\"wp-block-media-text__content\">\n<p>SEMS \u2013 Sport &amp; Exercise Medicine Switzerland<br>Swiss Orthopaedics<br>GOTS \u2013 Gesellschaft f\u00fcr Orthop\u00e4disch-Traumatologische Sportmedizin<br>AGA \u2013 Gesellschaft f\u00fcr Arthroskopie und Gelenkchirurgie<br>\u00c4rztegesellschaft Luzern<br>FMH &#8211; Foederatio Medicorum Helveticorum<br>OLSA \/ VLSS \u2013 Organisation Leitender Spital\u00e4rzte \/ Verein der Leitenden Spital\u00e4rzte der Schweiz<br>ISO \u2013 Innerschweizer Orthop\u00e4den<\/p>\n<\/div><\/div>\n\n\n\n<div style=\"height:45px\" aria-hidden=\"true\" class=\"wp-block-spacer\"><\/div>\n\n\n\n<h2 class=\"wp-block-heading alignwide has-foreground-color has-text-color\">Individuelle Mitgliedschaften<\/h2>\n\n\n\n<div class=\"wp-block-media-text alignwide is-stacked-on-mobile\" style=\"grid-template-columns:15% auto\"><figure class=\"wp-block-media-text__media\"><img loading=\"lazy\" decoding=\"async\" width=\"412\" height=\"320\" src=\"http:\/\/sportandmoreluzern.ch\/wp-content\/uploads\/2025\/06\/Bildschirmfoto-2025-06-08-um-08.52.34.png\" alt=\"\" class=\"wp-image-354 size-full\" srcset=\"http:\/\/sportandmoreluzern.ch\/wp-content\/uploads\/2025\/06\/Bildschirmfoto-2025-06-08-um-08.52.34.png 412w, http:\/\/sportandmoreluzern.ch\/wp-content\/uploads\/2025\/06\/Bildschirmfoto-2025-06-08-um-08.52.34-300x233.png 300w\" sizes=\"auto, (max-width: 412px) 100vw, 412px\" \/><\/figure><div class=\"wp-block-media-text__content\">\n<p>Dr. med. Judith Bering:<\/p>\n\n\n\n<p>SSNS \u2013 Swiss Sports Nutrition Society<br>DGOU \u2013 Deutsche Gesellschaft f\u00fcr Orthop\u00e4die und Unfallchirurgie<br>DKG &#8211; Deutsche Kniegesellschaft<br>SFO &#8211; Swiss Female Orthopaedics<\/p>\n<\/div><\/div>\n\n\n\n<div class=\"wp-block-media-text alignwide is-stacked-on-mobile\" style=\"grid-template-columns:15% auto\"><figure class=\"wp-block-media-text__media\"><img loading=\"lazy\" decoding=\"async\" width=\"201\" height=\"200\" src=\"http:\/\/sportandmoreluzern.ch\/wp-content\/uploads\/2023\/10\/SFAS-2.png\" alt=\"\" class=\"wp-image-138 size-full\" srcset=\"http:\/\/sportandmoreluzern.ch\/wp-content\/uploads\/2023\/10\/SFAS-2.png 201w, http:\/\/sportandmoreluzern.ch\/wp-content\/uploads\/2023\/10\/SFAS-2-150x150.png 150w\" sizes=\"auto, (max-width: 201px) 100vw, 201px\" \/><\/figure><div class=\"wp-block-media-text__content\">\n<p>Prof. PH Dr. med. Urs W. M\u00fcller:<\/p>\n\n\n\n<p>SFAS &#8211; Swiss Foot and Ancle Society&nbsp;<\/p>\n<\/div><\/div>\n","protected":false},"excerpt":{"rendered":"<p>Dr. med. Judith Bering Prof. PH Dr. med. Urs W. M\u00fcller Gemeinsame Mitgliedschaften SEMS \u2013 Sport &amp; Exercise Medicine SwitzerlandSwiss OrthopaedicsGOTS \u2013 Gesellschaft f\u00fcr Orthop\u00e4disch-Traumatologische SportmedizinAGA \u2013 Gesellschaft f\u00fcr Arthroskopie und Gelenkchirurgie\u00c4rztegesellschaft LuzernFMH &#8211; Foederatio Medicorum HelveticorumOLSA \/ VLSS \u2013 Organisation Leitender Spital\u00e4rzte \/ Verein der Leitenden Spital\u00e4rzte der SchweizISO \u2013 Innerschweizer Orthop\u00e4den Individuelle Mitgliedschaften [&hellip;]<\/p>\n","protected":false},"author":1,"featured_media":0,"parent":0,"menu_order":0,"comment_status":"closed","ping_status":"closed","template":"page-large-header","meta":{"footnotes":""},"class_list":["post-30","page","type-page","status-publish","hentry"],"_links":{"self":[{"href":"http:\/\/sportandmoreluzern.ch\/website_demnachst\/wp-json\/wp\/v2\/pages\/30","targetHints":{"allow":["GET"]}}],"collection":[{"href":"http:\/\/sportandmoreluzern.ch\/website_demnachst\/wp-json\/wp\/v2\/pages"}],"about":[{"href":"http:\/\/sportandmoreluzern.ch\/website_demnachst\/wp-json\/wp\/v2\/types\/page"}],"author":[{"embeddable":true,"href":"http:\/\/sportandmoreluzern.ch\/website_demnachst\/wp-json\/wp\/v2\/users\/1"}],"replies":[{"embeddable":true,"href":"http:\/\/sportandmoreluzern.ch\/website_demnachst\/wp-json\/wp\/v2\/comments?post=30"}],"version-history":[{"count":62,"href":"http:\/\/sportandmoreluzern.ch\/website_demnachst\/wp-json\/wp\/v2\/pages\/30\/revisions"}],"predecessor-version":[{"id":355,"href":"http:\/\/sportandmoreluzern.ch\/website_demnachst\/wp-json\/wp\/v2\/pages\/30\/revisions\/355"}],"wp:attachment":[{"href":"http:\/\/sportandmoreluzern.ch\/website_demnachst\/wp-json\/wp\/v2\/media?parent=30"}],"curies":[{"name":"wp","href":"https:\/\/api.w.org\/{rel}","templated":true}]}}