{"id":302,"date":"2025-01-05T15:27:54","date_gmt":"2025-01-05T15:27:54","guid":{"rendered":"http:\/\/sportandmoreluzern.ch\/website_demnachst\/?page_id=302"},"modified":"2025-06-08T08:54:04","modified_gmt":"2025-06-08T08:54:04","slug":"media","status":"publish","type":"page","link":"http:\/\/sportandmoreluzern.ch\/website_demnachst\/media","title":{"rendered":"Media"},"content":{"rendered":"\n<h2 class=\"wp-block-heading alignwide has-foreground-color has-text-color has-link-color wp-elements-6f5bc6eeeae66b26b4ad2e8e991152b1\">Media<\/h2>\n\n\n\n<div class=\"wp-block-media-text alignwide is-stacked-on-mobile\" style=\"grid-template-columns:19% auto\"><figure class=\"wp-block-media-text__media\"><a href=\"https:\/\/www.srf.ch\/wissen\/wissens-chats\/q-a-richtig-trainieren-wie-ernaehre-ich-mich-am-besten-bei-spaeten-trainingszeiten\"><img loading=\"lazy\" decoding=\"async\" width=\"932\" height=\"518\" src=\"http:\/\/sportandmoreluzern.ch\/wp-content\/uploads\/2025\/06\/Bildschirmfoto-2025-06-08-um-09.19.15.png\" alt=\"\" class=\"wp-image-363 size-full\" srcset=\"http:\/\/sportandmoreluzern.ch\/wp-content\/uploads\/2025\/06\/Bildschirmfoto-2025-06-08-um-09.19.15.png 932w, http:\/\/sportandmoreluzern.ch\/wp-content\/uploads\/2025\/06\/Bildschirmfoto-2025-06-08-um-09.19.15-300x167.png 300w, http:\/\/sportandmoreluzern.ch\/wp-content\/uploads\/2025\/06\/Bildschirmfoto-2025-06-08-um-09.19.15-768x427.png 768w\" sizes=\"auto, (max-width: 932px) 100vw, 932px\" \/><\/a><\/figure><div class=\"wp-block-media-text__content\">\n<p>&#8220;Die Macht der Regeneration &#8211; Fitter dank Erholung und Ern\u00e4hrung&#8221;<br>Sendung SRF &#8220;Puls&#8221; vom 27.02.2025<\/p>\n\n\n\n<p>Dankbar f\u00fcr die erneute Einladung des SRF als Expertin in diese Sendung. Gemeinsam mit Samuel Mettler, Simone Reber, Savo Hertig und Jan Stutz durfte ich Zuschauer-Fragen im Experten-Chat beantworten.<\/p>\n<\/div><\/div>\n\n\n\n<div class=\"wp-block-media-text alignwide is-stacked-on-mobile\" style=\"grid-template-columns:19% auto\"><figure class=\"wp-block-media-text__media\"><a href=\"https:\/\/swissfemaleorthopaedics.ch\"><img loading=\"lazy\" decoding=\"async\" width=\"942\" height=\"618\" src=\"http:\/\/sportandmoreluzern.ch\/wp-content\/uploads\/2025\/01\/Bildschirmfoto-2025-01-05-um-19.18.35.png\" alt=\"\" class=\"wp-image-344 size-full\" srcset=\"http:\/\/sportandmoreluzern.ch\/wp-content\/uploads\/2025\/01\/Bildschirmfoto-2025-01-05-um-19.18.35.png 942w, http:\/\/sportandmoreluzern.ch\/wp-content\/uploads\/2025\/01\/Bildschirmfoto-2025-01-05-um-19.18.35-300x197.png 300w, http:\/\/sportandmoreluzern.ch\/wp-content\/uploads\/2025\/01\/Bildschirmfoto-2025-01-05-um-19.18.35-768x504.png 768w\" sizes=\"auto, (max-width: 942px) 100vw, 942px\" \/><\/a><\/figure><div class=\"wp-block-media-text__content\">\n<p class=\"has-medium-font-size\">Swiss Female Orthopaedics Knee Wetlab<br>\ud83d\udea816.01.2025, 09:00-16:30h at Johnson &amp; Johnson Zuchwil<\/p>\n\n\n\n<p class=\"has-medium-font-size\">Happy to be chosen as the faculty by Swiss Female Orthopaedics for this great wet lab opportunity for female orthopaedic surgeons to teach hands-on about ACL reconstruction, meniscus surgery and knee arthroplasty!\u00a0<\/p>\n<\/div><\/div>\n\n\n\n<div class=\"wp-block-media-text alignwide is-stacked-on-mobile\" style=\"grid-template-columns:19% auto\"><figure class=\"wp-block-media-text__media\"><img loading=\"lazy\" decoding=\"async\" width=\"656\" height=\"504\" src=\"http:\/\/sportandmoreluzern.ch\/wp-content\/uploads\/2025\/01\/Bildschirmfoto-2025-01-05-um-19.46.03.png\" alt=\"\" class=\"wp-image-347 size-full\" srcset=\"http:\/\/sportandmoreluzern.ch\/wp-content\/uploads\/2025\/01\/Bildschirmfoto-2025-01-05-um-19.46.03.png 656w, http:\/\/sportandmoreluzern.ch\/wp-content\/uploads\/2025\/01\/Bildschirmfoto-2025-01-05-um-19.46.03-300x230.png 300w\" sizes=\"auto, (max-width: 656px) 100vw, 656px\" \/><\/figure><div class=\"wp-block-media-text__content\">\n<p class=\"has-medium-font-size\">EMEA Knee Symposium by Johnson &amp; Johnson MedTech<br>Dublin 10.-11.10.2024<\/p>\n\n\n\n<p class=\"has-medium-font-size\">Looking back on a great opportunity as part of the faculty at this symposium. A big thank you to the organisers, the local J&amp;J team, Ellie Blues and her team for the great workshop we were able to run together as well as to my wonderful faculty colleagues. It was a pleasure to be part of the event.<\/p>\n<\/div><\/div>\n\n\n\n<div class=\"wp-block-media-text alignwide is-stacked-on-mobile\" style=\"grid-template-columns:19% auto\"><figure class=\"wp-block-media-text__media\"><a href=\"https:\/\/www.instagram.com\/reel\/DAib8wuN66w\/?utm_source=ig_web_copy_link\"><img loading=\"lazy\" decoding=\"async\" width=\"1024\" height=\"275\" src=\"http:\/\/sportandmoreluzern.ch\/wp-content\/uploads\/2025\/01\/Bildschirmfoto-2025-01-05-um-19.12.00-1024x275.png\" alt=\"\" class=\"wp-image-342 size-full\" srcset=\"http:\/\/sportandmoreluzern.ch\/wp-content\/uploads\/2025\/01\/Bildschirmfoto-2025-01-05-um-19.12.00-1024x275.png 1024w, http:\/\/sportandmoreluzern.ch\/wp-content\/uploads\/2025\/01\/Bildschirmfoto-2025-01-05-um-19.12.00-300x80.png 300w, http:\/\/sportandmoreluzern.ch\/wp-content\/uploads\/2025\/01\/Bildschirmfoto-2025-01-05-um-19.12.00-768x206.png 768w, http:\/\/sportandmoreluzern.ch\/wp-content\/uploads\/2025\/01\/Bildschirmfoto-2025-01-05-um-19.12.00-1536x412.png 1536w, http:\/\/sportandmoreluzern.ch\/wp-content\/uploads\/2025\/01\/Bildschirmfoto-2025-01-05-um-19.12.00-2048x549.png 2048w\" sizes=\"auto, (max-width: 1024px) 100vw, 1024px\" \/><\/a><\/figure><div class=\"wp-block-media-text__content\">\n<p class=\"has-medium-font-size\"><a href=\"https:\/\/zurich2024.com\/ueber-uns\/\">Zurich2024<\/a> <a href=\"https:\/\/www.youtube.com\/watch?v=Svs8rMFGnMg\">#rideformuriel<\/a> <a href=\"https:\/\/www.instagram.com\/p\/DAl9UsIqYBPMFY9gFoaqFPym1g9mcLmL4_RF880\/?next=%2F\">#murielinourhearts<\/a><\/p>\n\n\n\n<p class=\"has-medium-font-size\">Back from the UCI Road and Para-Cycling Road World Championships. What an emotional rollercoaster of a week &#8211; from the highest of highs to the lowest of lows. My deepest condolences to Muriel\u2019s family and friends. <\/p>\n<\/div><\/div>\n\n\n\n<div class=\"wp-block-media-text alignwide is-stacked-on-mobile\" style=\"grid-template-columns:19% auto\"><figure class=\"wp-block-media-text__media\"><a href=\"https:\/\/www.luks.ch\/newsroom\/die-luks-sportmedizin-erweitert-ihr-spektrum-speziell-fuer-frauen\"><img loading=\"lazy\" decoding=\"async\" width=\"1024\" height=\"892\" src=\"http:\/\/sportandmoreluzern.ch\/wp-content\/uploads\/2023\/10\/Judith-Bering-Team-Official_Reto_Loser_02-1024x892.jpg\" alt=\"\" class=\"wp-image-40 size-full\" srcset=\"http:\/\/sportandmoreluzern.ch\/wp-content\/uploads\/2023\/10\/Judith-Bering-Team-Official_Reto_Loser_02-1024x892.jpg 1024w, http:\/\/sportandmoreluzern.ch\/wp-content\/uploads\/2023\/10\/Judith-Bering-Team-Official_Reto_Loser_02-300x261.jpg 300w, http:\/\/sportandmoreluzern.ch\/wp-content\/uploads\/2023\/10\/Judith-Bering-Team-Official_Reto_Loser_02-768x669.jpg 768w, http:\/\/sportandmoreluzern.ch\/wp-content\/uploads\/2023\/10\/Judith-Bering-Team-Official_Reto_Loser_02-1536x1338.jpg 1536w, http:\/\/sportandmoreluzern.ch\/wp-content\/uploads\/2023\/10\/Judith-Bering-Team-Official_Reto_Loser_02-2048x1784.jpg 2048w\" sizes=\"auto, (max-width: 1024px) 100vw, 1024px\" \/><\/a><\/figure><div class=\"wp-block-media-text__content\">\n<p class=\"has-medium-font-size\">Die LUKS-Sportmedizin erweitert ihr Spektrum &#8211; speziell f\u00fcr Frauen<br>Online Beitrag LUKS 06.08.2024<\/p>\n\n\n\n<p class=\"has-medium-font-size\">Die Sportmedizin ist zentrale Anlaufstelle f\u00fcr jegliche Anliegen rund um Sport und Bewegung. Das kann eine Notfallversorgung bei akuten Verletzungen sein \u2013 oder etwa ein Beratungsangebot zum Thema Ern\u00e4hrung. Ein neues Angebot richtet sich an Frauen und behandelt Themen wie Zyklus, Verh\u00fctung oder Schwangerschaft.<\/p>\n<\/div><\/div>\n\n\n\n<div class=\"wp-block-media-text alignwide is-stacked-on-mobile\" style=\"grid-template-columns:18% auto\"><figure class=\"wp-block-media-text__media\"><a href=\"https:\/\/www.luks.ch\/newsroom\/luks-aerztin-judith-bering-fiebert-mit-para-olympionikin-flurina-rigling-mit\"><img loading=\"lazy\" decoding=\"async\" width=\"1024\" height=\"767\" src=\"http:\/\/sportandmoreluzern.ch\/wp-content\/uploads\/2025\/01\/Bildschirmfoto-2025-01-05-um-18.56.03-1024x767.png\" alt=\"\" class=\"wp-image-336 size-full\" srcset=\"http:\/\/sportandmoreluzern.ch\/wp-content\/uploads\/2025\/01\/Bildschirmfoto-2025-01-05-um-18.56.03-1024x767.png 1024w, http:\/\/sportandmoreluzern.ch\/wp-content\/uploads\/2025\/01\/Bildschirmfoto-2025-01-05-um-18.56.03-300x225.png 300w, http:\/\/sportandmoreluzern.ch\/wp-content\/uploads\/2025\/01\/Bildschirmfoto-2025-01-05-um-18.56.03-768x576.png 768w, http:\/\/sportandmoreluzern.ch\/wp-content\/uploads\/2025\/01\/Bildschirmfoto-2025-01-05-um-18.56.03-1536x1151.png 1536w, http:\/\/sportandmoreluzern.ch\/wp-content\/uploads\/2025\/01\/Bildschirmfoto-2025-01-05-um-18.56.03.png 1788w\" sizes=\"auto, (max-width: 1024px) 100vw, 1024px\" \/><\/a><\/figure><div class=\"wp-block-media-text__content\">\n<p class=\"has-medium-font-size\">Thank you, Flurina Rigling!<br>Online Beitrag LUKS 05.08.2024<\/p>\n\n\n\n<p class=\"has-medium-font-size\">Looking forward to the upcoming Paralympics in Paris and World Championships in Z\u00fcrich! <\/p>\n<\/div><\/div>\n\n\n\n<div class=\"wp-block-media-text alignwide is-stacked-on-mobile\" style=\"grid-template-columns:18% auto\"><figure class=\"wp-block-media-text__media\"><a href=\"https:\/\/www.srf.ch\/play\/tv\/-\/video\/-?urn=urn:srf:video:8c49eda5-62a2-4fe1-8792-8ff975785a68\"><img loading=\"lazy\" decoding=\"async\" width=\"1024\" height=\"540\" src=\"http:\/\/sportandmoreluzern.ch\/wp-content\/uploads\/2025\/01\/Bildschirmfoto-2025-01-05-um-18.53.28-1024x540.png\" alt=\"\" class=\"wp-image-334 size-full\" srcset=\"http:\/\/sportandmoreluzern.ch\/wp-content\/uploads\/2025\/01\/Bildschirmfoto-2025-01-05-um-18.53.28-1024x540.png 1024w, http:\/\/sportandmoreluzern.ch\/wp-content\/uploads\/2025\/01\/Bildschirmfoto-2025-01-05-um-18.53.28-300x158.png 300w, http:\/\/sportandmoreluzern.ch\/wp-content\/uploads\/2025\/01\/Bildschirmfoto-2025-01-05-um-18.53.28-768x405.png 768w, http:\/\/sportandmoreluzern.ch\/wp-content\/uploads\/2025\/01\/Bildschirmfoto-2025-01-05-um-18.53.28-1536x810.png 1536w, http:\/\/sportandmoreluzern.ch\/wp-content\/uploads\/2025\/01\/Bildschirmfoto-2025-01-05-um-18.53.28-2048x1080.png 2048w\" sizes=\"auto, (max-width: 1024px) 100vw, 1024px\" \/><\/a><\/figure><div class=\"wp-block-media-text__content\">\n<p class=\"has-medium-font-size\">SRF 28.07.2024 Olympic Games Paris 2024<\/p>\n\n\n\n<p class=\"has-medium-font-size\">The Olympic Games in Paris were officially opened two days ago. I would like to thank Swiss Olympic for nominating me to the extended medical team. I wish the entire Swiss delegation a successful mission, all the athletes every success, that they can show their best performance and my colleagues in the medical team as few missions as possible!<\/p>\n<\/div><\/div>\n\n\n\n<div class=\"wp-block-media-text alignwide is-stacked-on-mobile\" style=\"grid-template-columns:18% auto\"><figure class=\"wp-block-media-text__media\"><a href=\"https:\/\/www.luks.ch\/newsroom\/gehstoecke-und-schuhe-fuer-ein-afrikanisches-spital\"><img loading=\"lazy\" decoding=\"async\" width=\"1024\" height=\"678\" src=\"http:\/\/sportandmoreluzern.ch\/wp-content\/uploads\/2025\/06\/Bildschirmfoto-2025-06-08-um-09.32.45-1-1024x678.png\" alt=\"\" class=\"wp-image-369 size-full\" srcset=\"http:\/\/sportandmoreluzern.ch\/wp-content\/uploads\/2025\/06\/Bildschirmfoto-2025-06-08-um-09.32.45-1-1024x678.png 1024w, http:\/\/sportandmoreluzern.ch\/wp-content\/uploads\/2025\/06\/Bildschirmfoto-2025-06-08-um-09.32.45-1-300x199.png 300w, http:\/\/sportandmoreluzern.ch\/wp-content\/uploads\/2025\/06\/Bildschirmfoto-2025-06-08-um-09.32.45-1-768x509.png 768w, http:\/\/sportandmoreluzern.ch\/wp-content\/uploads\/2025\/06\/Bildschirmfoto-2025-06-08-um-09.32.45-1-1536x1018.png 1536w, http:\/\/sportandmoreluzern.ch\/wp-content\/uploads\/2025\/06\/Bildschirmfoto-2025-06-08-um-09.32.45-1.png 1790w\" sizes=\"auto, (max-width: 1024px) 100vw, 1024px\" \/><\/a><\/figure><div class=\"wp-block-media-text__content\">\n<p>&#8220;Spenden f\u00fcr das <a href=\"http:\/\/www.mpanshya-help.ch\/\" target=\"_blank\" rel=\"noreferrer noopener\">Mpanshya Hospital Sambia<\/a>&#8220;<br>Beitrag LUKS online 18.07.24<\/p>\n\n\n\n<p>Dr. med. Judith Bering ist seit Jahren an einem Projekt zur Unterst\u00fctzung eines Spitals in Sambia beteiligt. Etwa dreimal pro Jahr bringt sie mit Hilfe einer Kollegin medizinische Hilfsg\u00fcter dorthin. Bald ist es wieder so weit. Was dem Spital in Afrika hilft, w\u00fcrde sonst in vielen F\u00e4llen weggeworfen.<\/p>\n<\/div><\/div>\n\n\n\n<div class=\"wp-block-media-text alignwide is-stacked-on-mobile\" style=\"grid-template-columns:18% auto\"><figure class=\"wp-block-media-text__media\"><video controls src=\"http:\/\/sportandmoreluzern.ch\/wp-content\/uploads\/2025\/01\/SRF-Morgengesprach-Kreuzbandriss-5MB.mp4\"><\/video><\/figure><div class=\"wp-block-media-text__content\">\n<p class=\"has-medium-font-size\">&#8220;Kreuzbandriss &#8211; konservativ oder operativ behandeln&#8221;<br>SRF Radio Morgengespr\u00e4ch 05.02.2024<\/p>\n\n\n\n<p class=\"has-medium-font-size\">Danke Adi Wicky f\u00fcr deine Pr\u00e4sentation unseres Interviews zu diesem Thema!<\/p>\n<\/div><\/div>\n\n\n\n<div class=\"wp-block-media-text alignwide is-stacked-on-mobile\" style=\"grid-template-columns:18% auto\"><figure class=\"wp-block-media-text__media\"><a href=\"https:\/\/media.licdn.com\/dms\/image\/v2\/D4E22AQG5kS3wgV0frg\/feedshare-shrink_800\/feedshare-shrink_800\/0\/1708174975769?e=1738800000&amp;v=beta&amp;t=F4TY-nxB-wthO6m0SSd6F_YNfcAk9d80gcLqrSgFblU\"><img loading=\"lazy\" decoding=\"async\" width=\"765\" height=\"1024\" src=\"http:\/\/sportandmoreluzern.ch\/wp-content\/uploads\/2025\/01\/Bildschirmfoto-2025-01-05-um-18.32.20-765x1024.png\" alt=\"\" class=\"wp-image-327 size-full\" srcset=\"http:\/\/sportandmoreluzern.ch\/wp-content\/uploads\/2025\/01\/Bildschirmfoto-2025-01-05-um-18.32.20-765x1024.png 765w, http:\/\/sportandmoreluzern.ch\/wp-content\/uploads\/2025\/01\/Bildschirmfoto-2025-01-05-um-18.32.20-224x300.png 224w, http:\/\/sportandmoreluzern.ch\/wp-content\/uploads\/2025\/01\/Bildschirmfoto-2025-01-05-um-18.32.20-768x1028.png 768w, http:\/\/sportandmoreluzern.ch\/wp-content\/uploads\/2025\/01\/Bildschirmfoto-2025-01-05-um-18.32.20.png 1058w\" sizes=\"auto, (max-width: 765px) 100vw, 765px\" \/><\/a><\/figure><div class=\"wp-block-media-text__content\">\n<p>&#8220;Winterschwimmen&#8221;<br>Schweizer Hausapotheke Nr. 1 Feb.\/M\u00e4rz 2024, 96. Jg.<\/p>\n\n\n\n<p>Beitrag zu den positiven Auswirkungen des Winterschwimmens &#8211; aber auch der Gefahren.<\/p>\n<\/div><\/div>\n\n\n\n<div class=\"wp-block-media-text alignwide is-stacked-on-mobile\" style=\"grid-template-columns:18% auto\"><figure class=\"wp-block-media-text__media\"><a href=\"https:\/\/www.srf.ch\/wissen\/wissens-chats\/eisbaden-hat-kalt-duschen-einen-aehnlichen-effekt-wie-eisbaden\"><img loading=\"lazy\" decoding=\"async\" width=\"1024\" height=\"665\" src=\"http:\/\/sportandmoreluzern.ch\/wp-content\/uploads\/2025\/01\/Bildschirmfoto-2025-01-05-um-18.29.47-1024x665.png\" alt=\"\" class=\"wp-image-325 size-full\" srcset=\"http:\/\/sportandmoreluzern.ch\/wp-content\/uploads\/2025\/01\/Bildschirmfoto-2025-01-05-um-18.29.47-1024x665.png 1024w, http:\/\/sportandmoreluzern.ch\/wp-content\/uploads\/2025\/01\/Bildschirmfoto-2025-01-05-um-18.29.47-300x195.png 300w, http:\/\/sportandmoreluzern.ch\/wp-content\/uploads\/2025\/01\/Bildschirmfoto-2025-01-05-um-18.29.47-768x499.png 768w, http:\/\/sportandmoreluzern.ch\/wp-content\/uploads\/2025\/01\/Bildschirmfoto-2025-01-05-um-18.29.47.png 1456w\" sizes=\"auto, (max-width: 1024px) 100vw, 1024px\" \/><\/a><\/figure><div class=\"wp-block-media-text__content\">\n<p>\u201cEisbaden &#8211; gesund oder gef\u00e4hrlich\u201d<\/p>\n\n\n\n<p>Danke SRF f\u00fcr die Einladung zum Wissensmagazin \u201cEinstein\u201d als eine von 3 Expert*innen, Sendung vom 25.01.2024<\/p>\n<\/div><\/div>\n\n\n\n<div class=\"wp-block-media-text alignwide is-stacked-on-mobile\" style=\"grid-template-columns:18% auto\"><figure class=\"wp-block-media-text__media\"><a href=\"https:\/\/media.licdn.com\/dms\/document\/media\/v2\/D4D1FAQHV0s-Y5puMeQ\/feedshare-document-pdf-analyzed\/feedshare-document-pdf-analyzed\/0\/1702978617540?e=1736985600&amp;v=beta&amp;t=0JGB0h3TMiClqrf0ztWLO9ufHsMgRvL_ZzwSvRs_ZbQ\"><img loading=\"lazy\" decoding=\"async\" width=\"694\" height=\"1024\" src=\"http:\/\/sportandmoreluzern.ch\/wp-content\/uploads\/2025\/01\/Bildschirmfoto-2025-01-05-um-18.26.01-694x1024.png\" alt=\"\" class=\"wp-image-323 size-full\" srcset=\"http:\/\/sportandmoreluzern.ch\/wp-content\/uploads\/2025\/01\/Bildschirmfoto-2025-01-05-um-18.26.01-694x1024.png 694w, http:\/\/sportandmoreluzern.ch\/wp-content\/uploads\/2025\/01\/Bildschirmfoto-2025-01-05-um-18.26.01-203x300.png 203w, http:\/\/sportandmoreluzern.ch\/wp-content\/uploads\/2025\/01\/Bildschirmfoto-2025-01-05-um-18.26.01-768x1132.png 768w, http:\/\/sportandmoreluzern.ch\/wp-content\/uploads\/2025\/01\/Bildschirmfoto-2025-01-05-um-18.26.01-1042x1536.png 1042w, http:\/\/sportandmoreluzern.ch\/wp-content\/uploads\/2025\/01\/Bildschirmfoto-2025-01-05-um-18.26.01.png 1218w\" sizes=\"auto, (max-width: 694px) 100vw, 694px\" \/><\/a><\/figure><div class=\"wp-block-media-text__content\">\n<p>&#8220;Eiskalter Trend&#8221;<br>Beitrag <a href=\"https:\/\/www.luzernerzeitung.ch\/sport\/zentralschweiz\/kaeltetraining-winterschwimmen-gefahr-oder-gluecklichmacher-eine-sportaerztin-klaert-auf-ld.2549578\">Luzerner Zeitung<\/a> 07.12.2023<\/p>\n\n\n\n<p>Interview zum Trend Winterschwimmen und K\u00e4ltetraining.<\/p>\n<\/div><\/div>\n\n\n\n<div class=\"wp-block-media-text alignwide is-stacked-on-mobile\" style=\"grid-template-columns:18% auto\"><figure class=\"wp-block-media-text__media\"><a href=\"https:\/\/www.luks.ch\/newsroom\/wie-kann-ich-sportverletzungen-vorbeugen\"><img loading=\"lazy\" decoding=\"async\" width=\"1024\" height=\"892\" src=\"http:\/\/sportandmoreluzern.ch\/wp-content\/uploads\/2023\/10\/Judith-Bering-Team-Official_Reto_Loser_02-1024x892.jpg\" alt=\"\" class=\"wp-image-40 size-full\" srcset=\"http:\/\/sportandmoreluzern.ch\/wp-content\/uploads\/2023\/10\/Judith-Bering-Team-Official_Reto_Loser_02-1024x892.jpg 1024w, http:\/\/sportandmoreluzern.ch\/wp-content\/uploads\/2023\/10\/Judith-Bering-Team-Official_Reto_Loser_02-300x261.jpg 300w, http:\/\/sportandmoreluzern.ch\/wp-content\/uploads\/2023\/10\/Judith-Bering-Team-Official_Reto_Loser_02-768x669.jpg 768w, http:\/\/sportandmoreluzern.ch\/wp-content\/uploads\/2023\/10\/Judith-Bering-Team-Official_Reto_Loser_02-1536x1338.jpg 1536w, http:\/\/sportandmoreluzern.ch\/wp-content\/uploads\/2023\/10\/Judith-Bering-Team-Official_Reto_Loser_02-2048x1784.jpg 2048w\" sizes=\"auto, (max-width: 1024px) 100vw, 1024px\" \/><\/a><\/figure><div class=\"wp-block-media-text__content\">\n<p>&#8220;Wie kann ich Sportverletzungen vorbeugen?&#8221;<br>Ratgeber in der <a href=\"https:\/\/www.luzernerzeitung.ch\/leben\/ratgeber\/wie-kann-ich-erneute-sportverletzungen-vermeiden-ld.2331263\">Luzerner Zeitung<\/a> 22.08.2022<\/p>\n\n\n\n<p>Beitrag auch <a href=\"https:\/\/www.luks.ch\/newsroom\/wie-kann-ich-sportverletzungen-vorbeugen\">online LUKS<\/a> 22.08.2022<\/p>\n<\/div><\/div>\n\n\n\n<div class=\"wp-block-media-text alignwide is-stacked-on-mobile\" style=\"grid-template-columns:18% auto\"><figure class=\"wp-block-media-text__media\"><a href=\"https:\/\/www.srf.ch\/sport\/mehr-sport\/beachvolleyball\/gstaad-aerztin-zu-heidrich-eine-solche-verletzung-beim-service-ist-selten?wt_mc_o=srf.share.app.srf-app.unknown\"><img loading=\"lazy\" decoding=\"async\" width=\"1024\" height=\"693\" src=\"http:\/\/sportandmoreluzern.ch\/wp-content\/uploads\/2025\/01\/Bildschirmfoto-2025-01-05-um-16.46.57-1024x693.png\" alt=\"\" class=\"wp-image-308 size-full\" srcset=\"http:\/\/sportandmoreluzern.ch\/wp-content\/uploads\/2025\/01\/Bildschirmfoto-2025-01-05-um-16.46.57-1024x693.png 1024w, http:\/\/sportandmoreluzern.ch\/wp-content\/uploads\/2025\/01\/Bildschirmfoto-2025-01-05-um-16.46.57-300x203.png 300w, http:\/\/sportandmoreluzern.ch\/wp-content\/uploads\/2025\/01\/Bildschirmfoto-2025-01-05-um-16.46.57-768x520.png 768w, http:\/\/sportandmoreluzern.ch\/wp-content\/uploads\/2025\/01\/Bildschirmfoto-2025-01-05-um-16.46.57.png 1454w\" sizes=\"auto, (max-width: 1024px) 100vw, 1024px\" \/><\/a><\/figure><div class=\"wp-block-media-text__content\">\n<p>&#8220;Eine Woche Verletzung beim Service ist selten&#8221;<br>Radio interview with SRF Sport 06.07.2022<\/p>\n\n\n\n<p>Talking about shoulder injuries in Volleyball linked to my function as tournament doctor at the Volleyball World Beach Pro Tour Elite in Gstaad<\/p>\n\n\n\n<p><\/p>\n<\/div><\/div>\n\n\n\n<div class=\"wp-block-media-text alignwide is-stacked-on-mobile\" style=\"grid-template-columns:18% auto\"><figure class=\"wp-block-media-text__media\"><a href=\"https:\/\/www.luzernerzeitung.ch\/sport\/radsport-frauenpower-fuer-den-spitzensport-medizinerin-judith-bering-betreut-die-athletinnen-bei-der-tour-de-suisse-women-ld.2144235?reduced=true\"><img loading=\"lazy\" decoding=\"async\" width=\"1024\" height=\"768\" src=\"http:\/\/sportandmoreluzern.ch\/wp-content\/uploads\/2025\/01\/e10e5d4f-ad4c-4d55-83e0-defee0570de6-1024x768.jpeg\" alt=\"\" class=\"wp-image-320 size-full\" srcset=\"http:\/\/sportandmoreluzern.ch\/wp-content\/uploads\/2025\/01\/e10e5d4f-ad4c-4d55-83e0-defee0570de6-1024x768.jpeg 1024w, http:\/\/sportandmoreluzern.ch\/wp-content\/uploads\/2025\/01\/e10e5d4f-ad4c-4d55-83e0-defee0570de6-300x225.jpeg 300w, http:\/\/sportandmoreluzern.ch\/wp-content\/uploads\/2025\/01\/e10e5d4f-ad4c-4d55-83e0-defee0570de6-768x576.jpeg 768w, http:\/\/sportandmoreluzern.ch\/wp-content\/uploads\/2025\/01\/e10e5d4f-ad4c-4d55-83e0-defee0570de6-1536x1152.jpeg 1536w, http:\/\/sportandmoreluzern.ch\/wp-content\/uploads\/2025\/01\/e10e5d4f-ad4c-4d55-83e0-defee0570de6.jpeg 2048w\" sizes=\"auto, (max-width: 1024px) 100vw, 1024px\" \/><\/a><\/figure><div class=\"wp-block-media-text__content\">\n<p>&#8220;Frauenpower f\u00fcr den Spitzensport&#8221;<br>Portrait Luzerner Zeitung 01.06.2021<\/p>\n\n\n\n<p>Medizinerin Judith Bering betreut die Athletinnen bei der Toure de Suisse Women<\/p>\n<\/div><\/div>\n\n\n\n<p><\/p>\n","protected":false},"excerpt":{"rendered":"<p>Media &#8220;Die Macht der Regeneration &#8211; Fitter dank Erholung und Ern\u00e4hrung&#8221;Sendung SRF &#8220;Puls&#8221; vom 27.02.2025 Dankbar f\u00fcr die erneute Einladung des SRF als Expertin in diese Sendung. Gemeinsam mit Samuel Mettler, Simone Reber, Savo Hertig und Jan Stutz durfte ich Zuschauer-Fragen im Experten-Chat beantworten. Swiss Female Orthopaedics Knee Wetlab\ud83d\udea816.01.2025, 09:00-16:30h at Johnson &amp; Johnson Zuchwil [&hellip;]<\/p>\n","protected":false},"author":1,"featured_media":0,"parent":0,"menu_order":0,"comment_status":"closed","ping_status":"closed","template":"","meta":{"footnotes":""},"class_list":["post-302","page","type-page","status-publish","hentry"],"_links":{"self":[{"href":"http:\/\/sportandmoreluzern.ch\/website_demnachst\/wp-json\/wp\/v2\/pages\/302","targetHints":{"allow":["GET"]}}],"collection":[{"href":"http:\/\/sportandmoreluzern.ch\/website_demnachst\/wp-json\/wp\/v2\/pages"}],"about":[{"href":"http:\/\/sportandmoreluzern.ch\/website_demnachst\/wp-json\/wp\/v2\/types\/page"}],"author":[{"embeddable":true,"href":"http:\/\/sportandmoreluzern.ch\/website_demnachst\/wp-json\/wp\/v2\/users\/1"}],"replies":[{"embeddable":true,"href":"http:\/\/sportandmoreluzern.ch\/website_demnachst\/wp-json\/wp\/v2\/comments?post=302"}],"version-history":[{"count":51,"href":"http:\/\/sportandmoreluzern.ch\/website_demnachst\/wp-json\/wp\/v2\/pages\/302\/revisions"}],"predecessor-version":[{"id":385,"href":"http:\/\/sportandmoreluzern.ch\/website_demnachst\/wp-json\/wp\/v2\/pages\/302\/revisions\/385"}],"wp:attachment":[{"href":"http:\/\/sportandmoreluzern.ch\/website_demnachst\/wp-json\/wp\/v2\/media?parent=302"}],"curies":[{"name":"wp","href":"https:\/\/api.w.org\/{rel}","templated":true}]}}